{"id":1564,"date":"2021-03-19T12:27:40","date_gmt":"2021-03-19T11:27:40","guid":{"rendered":"https:\/\/paroisse-stgermain.fr\/?page_id=1564"},"modified":"2021-03-20T22:08:01","modified_gmt":"2021-03-20T21:08:01","slug":"petit-partage","status":"publish","type":"page","link":"https:\/\/paroisse-stgermain.fr\/?page_id=1564","title":{"rendered":"Petit Partage"},"content":{"rendered":"\n<div class=\"wp-block-columns is-layout-flex wp-container-core-columns-is-layout-9d6595d7 wp-block-columns-is-layout-flex\"><\/div>\n\n\n\n<div class=\"wp-block-columns is-layout-flex wp-container-core-columns-is-layout-9d6595d7 wp-block-columns-is-layout-flex\">\n<div class=\"wp-block-column is-layout-flow wp-block-column-is-layout-flow\" style=\"flex-basis:33.33%\">\n\n\n<h4 class=\"wp-block-heading\"><strong>Fais de La Parole ton quotidien<\/strong><\/h4>\n\n\n\n<p>Pr\u00e9sent\u00e9 par <strong>NDML<\/strong>, <strong>Open Bible<\/strong> te propose de lire tout le Nouveau Testament de mani\u00e8re simple, attractive et nouvelle ! Connect\u00e9 aux milliers d\u2019autres abonn\u00e9s.<\/p>\n\n\n\n<div class=\"wp-block-buttons aligncenter is-layout-flex wp-block-buttons-is-layout-flex\">\n<div class=\"wp-block-button\"><a class=\"wp-block-button__link has-background\" href=\"https:\/\/www.youtube.com\/watch?v=Sg6XIUtGJxM\" style=\"background-color:#ddb667\" target=\"_blank\" rel=\"noreferrer noopener\">voir plus<\/a><\/div>\n<\/div>\n\n\n<\/div>\n\n\n\n<div class=\"wp-block-column is-layout-flow wp-block-column-is-layout-flow\" style=\"flex-basis:66.66%\">\n<figure class=\"wp-block-embed is-type-video is-provider-youtube wp-block-embed-youtube wp-embed-aspect-16-9 wp-has-aspect-ratio\"><div class=\"wp-block-embed__wrapper\">\n<iframe loading=\"lazy\" title=\"Open-Bible c&#039;est quoi ? comment comprendre la bible\" width=\"500\" height=\"281\" src=\"https:\/\/www.youtube.com\/embed\/Sg6XIUtGJxM?feature=oembed\" frameborder=\"0\" allow=\"accelerometer; autoplay; clipboard-write; encrypted-media; gyroscope; picture-in-picture; web-share\" referrerpolicy=\"strict-origin-when-cross-origin\" allowfullscreen><\/iframe>\n<\/div><\/figure>\n<\/div>\n<\/div>\n\n\n\n<hr class=\"wp-block-separator\"\/>\n\n\n\n\n\n<div class=\"wp-block-columns is-layout-flex wp-container-core-columns-is-layout-9d6595d7 wp-block-columns-is-layout-flex\">\n<div class=\"wp-block-column is-layout-flow wp-block-column-is-layout-flow\" style=\"flex-basis:33.33%\">\n\n\n<h4 class=\"wp-block-heading\"><strong>La f\u00e9minit\u00e9, un grand moyen d&rsquo;apostolat.<\/strong><\/h4>\n\n\n\n<p>Conf\u00e9rence donn\u00e9e le 1er f\u00e9vrier 2020 \u00e0 Rennes. R\u00e9flexions autour de la f\u00e9minit\u00e9 comme moyen d&rsquo;apostolat dans une soci\u00e9t\u00e9 d\u00e9christianis\u00e9e et androgyne.<\/p>\n\n\n\n<div class=\"wp-block-buttons aligncenter is-layout-flex wp-block-buttons-is-layout-flex\">\n<div class=\"wp-block-button\"><a class=\"wp-block-button__link has-background\" href=\"https:\/\/www.youtube.com\/watch?v=XJsTR2Jq6XU\" style=\"background-color:#ddb667\" target=\"_blank\" rel=\"noreferrer noopener\">voir plus<\/a><\/div>\n<\/div>\n\n\n<\/div>\n\n\n\n<div class=\"wp-block-column is-layout-flow wp-block-column-is-layout-flow\" style=\"flex-basis:66.66%\">\n<figure class=\"wp-block-embed is-type-video is-provider-youtube wp-block-embed-youtube wp-embed-aspect-16-9 wp-has-aspect-ratio\"><div class=\"wp-block-embed__wrapper\">\n<iframe loading=\"lazy\" title=\"La fe\u0301minite\u0301, un grand moyen d&#039;apostolat\" width=\"500\" height=\"281\" src=\"https:\/\/www.youtube.com\/embed\/XJsTR2Jq6XU?feature=oembed\" frameborder=\"0\" allow=\"accelerometer; autoplay; clipboard-write; encrypted-media; gyroscope; picture-in-picture; web-share\" referrerpolicy=\"strict-origin-when-cross-origin\" allowfullscreen><\/iframe>\n<\/div><\/figure>\n<\/div>\n<\/div>\n\n\n\n<hr class=\"wp-block-separator\"\/>\n\n\n\n\n\n<div class=\"wp-block-columns is-layout-flex wp-container-core-columns-is-layout-9d6595d7 wp-block-columns-is-layout-flex\">\n<div class=\"wp-block-column is-layout-flow wp-block-column-is-layout-flow\" style=\"flex-basis:33.33%\">\n\n\n<h4 class=\"wp-block-heading\"><strong>Louange par Deborah LUKALU \u00ab\u00a0ma consolation\u00a0\u00bb<\/strong><\/h4>\n\n\n\n<p>Christ est notre CONSOLATION peu importe nos difficult\u00e9s, mis\u00e8res ou soucis\u2026<\/p>\n\n\n\n<div class=\"wp-block-buttons aligncenter is-layout-flex wp-block-buttons-is-layout-flex\">\n<div class=\"wp-block-button\"><a class=\"wp-block-button__link has-background\" href=\"https:\/\/www.youtube.com\/watch?v=6HUwKBZ6NAU&amp;t=1s\" style=\"background-color:#ddb667\" target=\"_blank\" rel=\"noreferrer noopener\">voir plus<\/a><\/div>\n<\/div>\n\n\n<\/div>\n\n\n\n<div class=\"wp-block-column is-layout-flow wp-block-column-is-layout-flow\" style=\"flex-basis:66.66%\">\n<figure class=\"wp-block-embed is-type-video is-provider-youtube wp-block-embed-youtube wp-embed-aspect-16-9 wp-has-aspect-ratio\"><div class=\"wp-block-embed__wrapper\">\n<iframe loading=\"lazy\" title=\"Deborah LUKALU - Ma Consolation |Official video|\" width=\"500\" height=\"281\" src=\"https:\/\/www.youtube.com\/embed\/6HUwKBZ6NAU?start=1&#038;feature=oembed\" frameborder=\"0\" allow=\"accelerometer; autoplay; clipboard-write; encrypted-media; gyroscope; picture-in-picture; web-share\" referrerpolicy=\"strict-origin-when-cross-origin\" allowfullscreen><\/iframe>\n<\/div><\/figure>\n\n\n\n<p><\/p>\n<\/div>\n<\/div>\n\n\n\n<hr class=\"wp-block-separator is-style-wide\"\/>\n\n\n\n\n\n<div class=\"wp-block-columns is-layout-flex wp-container-core-columns-is-layout-9d6595d7 wp-block-columns-is-layout-flex\">\n<div class=\"wp-block-column is-layout-flow wp-block-column-is-layout-flow\" style=\"flex-basis:33.33%\">\n\n\n\n\n<h4 class=\"wp-block-heading\"><strong>Chapelet avec Notre Dame M\u00e8re de la Lumi\u00e8re<\/strong><\/h4>\n\n\n\n<p>Chaque soir venez prier le chapelet \u00e0 19h30 avec le groupe <strong><em>NDML <\/em><\/strong>sur YouTube !  <\/p>\n\n\n\n<div class=\"wp-block-buttons aligncenter is-layout-flex wp-block-buttons-is-layout-flex\">\n<div class=\"wp-block-button\"><a class=\"wp-block-button__link has-background\" href=\"https:\/\/www.youtube.com\/watch?v=qK0Zf44TTIs\" style=\"border-radius:50px;background-color:#ddb667\" target=\"_blank\" rel=\"noreferrer noopener\">     voir plus     <\/a><\/div>\n<\/div>\n\n\n<\/div>\n\n\n\n<div class=\"wp-block-column is-layout-flow wp-block-column-is-layout-flow\" style=\"flex-basis:66.66%\">\n<figure class=\"wp-block-embed is-type-video is-provider-youtube wp-block-embed-youtube wp-embed-aspect-16-9 wp-has-aspect-ratio\"><div class=\"wp-block-embed__wrapper\">\n<iframe loading=\"lazy\" title=\"Prier le chapelet - Car\u00eame \ud83d\ude4f  rosaire \u2764\ufe0f  13 mars + neuvaine St Joseph\" width=\"500\" height=\"281\" src=\"https:\/\/www.youtube.com\/embed\/qK0Zf44TTIs?feature=oembed\" frameborder=\"0\" allow=\"accelerometer; autoplay; clipboard-write; encrypted-media; gyroscope; picture-in-picture; web-share\" referrerpolicy=\"strict-origin-when-cross-origin\" allowfullscreen><\/iframe>\n<\/div><\/figure>\n\n\n\n<p><\/p>\n<\/div>\n<\/div>\n\n\n\n<hr class=\"wp-block-separator is-style-wide\"\/>\n\n\n\n\n\n<div class=\"wp-block-columns is-layout-flex wp-container-core-columns-is-layout-9d6595d7 wp-block-columns-is-layout-flex\">\n<div class=\"wp-block-column is-layout-flow wp-block-column-is-layout-flow\" style=\"flex-basis:33.33%\">\n\n\n<h4 class=\"wp-block-heading\"><strong>Louange<\/strong> <strong>: Temps d&rsquo;adoration<\/strong><\/h4>\n\n\n\n<p>Reprise du titre \u00ab\u00a0L\u00e0 dans le feu\u00a0\u00bb de <strong>Hillsong<\/strong> par Sandra Kouame, Jade et Joseph. <\/p>\n\n\n\n<div class=\"wp-block-buttons aligncenter is-layout-flex wp-block-buttons-is-layout-flex\">\n<div class=\"wp-block-button\"><a class=\"wp-block-button__link has-background\" href=\"https:\/\/www.youtube.com\/watch?v=byEyb9vN0h4\" style=\"background-color:#ddb667\" target=\"_blank\" rel=\"noreferrer noopener\">voir plus<\/a><\/div>\n<\/div>\n\n\n<\/div>\n\n\n\n<div class=\"wp-block-column is-layout-flow wp-block-column-is-layout-flow\" style=\"flex-basis:66.66%\">\n<figure class=\"wp-block-embed is-type-video is-provider-youtube wp-block-embed-youtube wp-embed-aspect-16-9 wp-has-aspect-ratio\"><div class=\"wp-block-embed__wrapper\">\n<iframe loading=\"lazy\" title=\"L\u00c0 DANS LE FEU (Hillsong cover) feat. Jade et Joseph\" width=\"500\" height=\"281\" src=\"https:\/\/www.youtube.com\/embed\/byEyb9vN0h4?feature=oembed\" frameborder=\"0\" allow=\"accelerometer; autoplay; clipboard-write; encrypted-media; gyroscope; picture-in-picture; web-share\" referrerpolicy=\"strict-origin-when-cross-origin\" allowfullscreen><\/iframe>\n<\/div><\/figure>\n<\/div>\n<\/div>\n\n\n\n<hr class=\"wp-block-separator\"\/>\n\n\n\n\n\n<div class=\"wp-block-columns is-layout-flex wp-container-core-columns-is-layout-9d6595d7 wp-block-columns-is-layout-flex\">\n<div class=\"wp-block-column is-layout-flow wp-block-column-is-layout-flow\" style=\"flex-basis:33.33%\">\n\n\n<h4 class=\"wp-block-heading\"><strong>\u00c9mission \u00ab\u00a0Car\u00eament Bien\u00a0\u00bb<\/strong><\/h4>\n\n\n\n<p>Chaque samedi soir, apr\u00e8s le chapelet de 19h30 et pendant toute la p\u00e9riode de car\u00eame une \u00e9mission \u00e9difiante \u00e0 ne pas louper !<\/p>\n\n\n\n<div class=\"wp-block-buttons aligncenter is-layout-flex wp-block-buttons-is-layout-flex\">\n<div class=\"wp-block-button\"><a class=\"wp-block-button__link has-background\" href=\"https:\/\/www.youtube.com\/watch?v=EPt3fdbxpP8\" style=\"border-radius:50px;background-color:#ddb667\" target=\"_blank\" rel=\"noreferrer noopener\">     Voir plus     <\/a><\/div>\n<\/div>\n\n\n<\/div>\n\n\n\n<div class=\"wp-block-column is-layout-flow wp-block-column-is-layout-flow\" style=\"flex-basis:66.66%\">\n<figure class=\"wp-block-embed is-type-video is-provider-youtube wp-block-embed-youtube wp-embed-aspect-16-9 wp-has-aspect-ratio\"><div class=\"wp-block-embed__wrapper\">\n<iframe loading=\"lazy\" title=\"Magn\u00e9tiseurs, gu\u00e9risseurs, voyants...\ud83d\ude2e On vous dit la v\u00e9rit\u00e9 - \u00c9mission \u00ab Car\u00eament Bien \u00bb\" width=\"500\" height=\"281\" src=\"https:\/\/www.youtube.com\/embed\/EPt3fdbxpP8?feature=oembed\" frameborder=\"0\" allow=\"accelerometer; autoplay; clipboard-write; encrypted-media; gyroscope; picture-in-picture; web-share\" referrerpolicy=\"strict-origin-when-cross-origin\" allowfullscreen><\/iframe>\n<\/div><\/figure>\n<\/div>\n<\/div>\n\n\n\n<hr class=\"wp-block-separator is-style-wide\"\/>\n\n\n\n\n\n<div class=\"wp-block-columns is-layout-flex wp-container-core-columns-is-layout-9d6595d7 wp-block-columns-is-layout-flex\">\n<div class=\"wp-block-column is-layout-flow wp-block-column-is-layout-flow\" style=\"flex-basis:33.33%\">\n\n\n<h4 class=\"wp-block-heading\"><strong>Louange \u00e0 faire conna\u00eetre !<\/strong><\/h4>\n\n\n\n<p>Louer c&rsquo;est prier 2 fois. Donc c&rsquo;est parti avec le groupe <strong><em>Escaliers<\/em><\/strong> !<br><\/p>\n\n\n\n<div class=\"wp-block-buttons aligncenter is-layout-flex wp-block-buttons-is-layout-flex\">\n<div class=\"wp-block-button\"><a class=\"wp-block-button__link has-background\" href=\"https:\/\/www.youtube.com\/watch?v=yZMJP29NS9w\" style=\"border-radius:50px;background-color:#ddb667\" target=\"_blank\" rel=\"noreferrer noopener\">     voir plus      <\/a><\/div>\n<\/div>\n\n\n<\/div>\n\n\n\n<div class=\"wp-block-column is-layout-flow wp-block-column-is-layout-flow\" style=\"flex-basis:66.66%\">\n<figure class=\"wp-block-embed is-type-video is-provider-youtube wp-block-embed-youtube wp-embed-aspect-16-9 wp-has-aspect-ratio\"><div class=\"wp-block-embed__wrapper\">\n<iframe loading=\"lazy\" title=\"Escaliers- Saint Esprit Remix (Dena Mwana)\" width=\"500\" height=\"281\" src=\"https:\/\/www.youtube.com\/embed\/yZMJP29NS9w?feature=oembed\" frameborder=\"0\" allow=\"accelerometer; autoplay; clipboard-write; encrypted-media; gyroscope; picture-in-picture; web-share\" referrerpolicy=\"strict-origin-when-cross-origin\" allowfullscreen><\/iframe>\n<\/div><\/figure>\n<\/div>\n<\/div>\n\n\n\n<hr class=\"wp-block-separator is-style-wide\"\/>\n\n\n\n\n\n<div class=\"wp-block-columns is-layout-flex wp-container-core-columns-is-layout-9d6595d7 wp-block-columns-is-layout-flex\">\n<div class=\"wp-block-column is-layout-flow wp-block-column-is-layout-flow\" style=\"flex-basis:33.33%\">\n\n\n<h4 class=\"wp-block-heading\"><strong>Notre v\u00eatement est un langage\u2026 qui en dit long !<\/strong><\/h4>\n\n\n\n<p>Merci \u00e0 Th\u00e9r\u00e8se pour sa cha\u00eene YouTube \u00ab\u00a0<strong>Femme \u00e0 part<\/strong>\u00a0\u00bb ainsi que son blogue. Allez lui donner de la force : likez, partagez !<\/p>\n\n\n\n<div class=\"wp-block-buttons aligncenter is-layout-flex wp-block-buttons-is-layout-flex\">\n<div class=\"wp-block-button\"><a class=\"wp-block-button__link has-background\" href=\"https:\/\/www.youtube.com\/watch?v=SMwywfK9M4c\" style=\"background-color:#ddb667\" target=\"_blank\" rel=\"noreferrer noopener\">voir plus<\/a><\/div>\n<\/div>\n\n\n\n\n\n<p> <\/p>\n<\/div>\n\n\n\n<div class=\"wp-block-column is-layout-flow wp-block-column-is-layout-flow\" style=\"flex-basis:66.66%\">\n<figure class=\"wp-block-embed is-type-video is-provider-youtube wp-block-embed-youtube wp-embed-aspect-16-9 wp-has-aspect-ratio\"><div class=\"wp-block-embed__wrapper\">\n<iframe loading=\"lazy\" title=\"Votre ve\u0302tement est un langage...qui en dit long !\" width=\"500\" height=\"281\" src=\"https:\/\/www.youtube.com\/embed\/SMwywfK9M4c?feature=oembed\" frameborder=\"0\" allow=\"accelerometer; autoplay; clipboard-write; encrypted-media; gyroscope; picture-in-picture; web-share\" referrerpolicy=\"strict-origin-when-cross-origin\" allowfullscreen><\/iframe>\n<\/div><\/figure>\n<\/div>\n<\/div>\n\n\n\n<hr class=\"wp-block-separator\"\/>\n\n\n\n\n\n<div class=\"wp-block-columns is-layout-flex wp-container-core-columns-is-layout-9d6595d7 wp-block-columns-is-layout-flex\">\n<div class=\"wp-block-column is-layout-flow wp-block-column-is-layout-flow\" style=\"flex-basis:33.33%\">\n\n\n\n\n<h4 class=\"wp-block-heading\"><strong>Collectif Cieux Ouverts !<\/strong><\/h4>\n\n\n\n<p>Un groupe \u00e0 conna\u00eetre absolument et \u00e0 partager bien \u00e9videmment !<\/p>\n\n\n\n<div class=\"wp-block-buttons aligncenter is-layout-flex wp-block-buttons-is-layout-flex\">\n<div class=\"wp-block-button\"><a class=\"wp-block-button__link has-background\" href=\"\" style=\"background-color:#ddb667\" target=\"_blank\" rel=\"noreferrer noopener\">voir plus<\/a><\/div>\n<\/div>\n\n\n<\/div>\n\n\n\n<div class=\"wp-block-column is-layout-flow wp-block-column-is-layout-flow\" style=\"flex-basis:66.66%\">\n<figure class=\"wp-block-embed is-type-video is-provider-youtube wp-block-embed-youtube wp-embed-aspect-16-9 wp-has-aspect-ratio\"><div class=\"wp-block-embed__wrapper\">\n<iframe loading=\"lazy\" title=\"Collectif Cieux Ouverts - Yahw\u00e9\" width=\"500\" height=\"281\" src=\"https:\/\/www.youtube.com\/embed\/GWhy_fEg4mU?feature=oembed\" frameborder=\"0\" allow=\"accelerometer; autoplay; clipboard-write; encrypted-media; gyroscope; picture-in-picture; web-share\" referrerpolicy=\"strict-origin-when-cross-origin\" allowfullscreen><\/iframe>\n<\/div><\/figure>\n<\/div>\n<\/div>\n\n\n\n<p><\/p>\n","protected":false},"excerpt":{"rendered":"<p>Fais de La Parole ton quotidien Pr\u00e9sent\u00e9 par NDML, Open Bible te propose de lire tout le Nouveau Testament de mani\u00e8re simple, attractive et nouvelle ! Connect\u00e9 aux milliers d\u2019autres abonn\u00e9s. La f\u00e9minit\u00e9, un grand moyen d&rsquo;apostolat. Conf\u00e9rence donn\u00e9e le 1er f\u00e9vrier 2020 \u00e0 Rennes. R\u00e9flexions autour de la f\u00e9minit\u00e9 comme moyen d&rsquo;apostolat dans une soci\u00e9t\u00e9 d\u00e9christianis\u00e9e et androgyne. Louange par Deborah LUKALU \u00ab\u00a0ma consolation\u00a0\u00bb Christ est notre CONSOLATION peu importe nos difficult\u00e9s, mis\u00e8res ou soucis\u2026 Chapelet avec Notre Dame M\u00e8re de la Lumi\u00e8re Chaque soir venez prier le chapelet \u00e0 19h30 avec le groupe NDML sur YouTube ! Louange&#8230; <\/p>\n","protected":false},"author":3,"featured_media":1373,"parent":0,"menu_order":0,"comment_status":"closed","ping_status":"closed","template":"","meta":{"footnotes":""},"class_list":["post-1564","page","type-page","status-publish","has-post-thumbnail","hentry"],"_links":{"self":[{"href":"https:\/\/paroisse-stgermain.fr\/index.php?rest_route=\/wp\/v2\/pages\/1564","targetHints":{"allow":["GET"]}}],"collection":[{"href":"https:\/\/paroisse-stgermain.fr\/index.php?rest_route=\/wp\/v2\/pages"}],"about":[{"href":"https:\/\/paroisse-stgermain.fr\/index.php?rest_route=\/wp\/v2\/types\/page"}],"author":[{"embeddable":true,"href":"https:\/\/paroisse-stgermain.fr\/index.php?rest_route=\/wp\/v2\/users\/3"}],"replies":[{"embeddable":true,"href":"https:\/\/paroisse-stgermain.fr\/index.php?rest_route=%2Fwp%2Fv2%2Fcomments&post=1564"}],"version-history":[{"count":29,"href":"https:\/\/paroisse-stgermain.fr\/index.php?rest_route=\/wp\/v2\/pages\/1564\/revisions"}],"predecessor-version":[{"id":1601,"href":"https:\/\/paroisse-stgermain.fr\/index.php?rest_route=\/wp\/v2\/pages\/1564\/revisions\/1601"}],"wp:featuredmedia":[{"embeddable":true,"href":"https:\/\/paroisse-stgermain.fr\/index.php?rest_route=\/wp\/v2\/media\/1373"}],"wp:attachment":[{"href":"https:\/\/paroisse-stgermain.fr\/index.php?rest_route=%2Fwp%2Fv2%2Fmedia&parent=1564"}],"curies":[{"name":"wp","href":"https:\/\/api.w.org\/{rel}","templated":true}]}}