{"id":747,"date":"2020-12-22T15:56:50","date_gmt":"2020-12-22T14:56:50","guid":{"rendered":"https:\/\/paroisse-stgermain.fr\/?page_id=747"},"modified":"2023-07-07T11:41:39","modified_gmt":"2023-07-07T09:41:39","slug":"services","status":"publish","type":"page","link":"https:\/\/paroisse-stgermain.fr\/?page_id=747","title":{"rendered":"Ouvertures \/ Horaires"},"content":{"rendered":"\n<p>L&rsquo;\u00e9glise vous accueille <strong>mercredi<\/strong>, <strong>jeudi<\/strong>,<strong> samedi<\/strong> de 10h \u00e0 12h ainsi que le mercredi soir de 17h \u00e0 19h &#8230;<\/p>\n\n\n\n<p><\/p>\n\n\n\n\n\n<p><strong>Cur\u00e9<\/strong> : P\u00e8re Joseph LOKENDANDJALA<\/p>\n\n\n\n<p><strong>Adresse postale<\/strong>&nbsp;: Place de l&rsquo;\u00c9glise, 94400 Vitry-sur-Seine<br><strong>T\u00e9l &#8211; accueil St Germain :<\/strong>&nbsp;01 76 74 76 95<\/p>\n\n\n\n<div class=\"wp-block-columns is-layout-flex wp-container-core-columns-is-layout-9d6595d7 wp-block-columns-is-layout-flex\"><\/div>\n\n\n\n<hr class=\"wp-block-separator is-style-wide\"\/>\n\n\n\n\n\n<h2 class=\"has-text-align-center wp-block-heading\"><strong>Messe<\/strong><\/h2>\n\n\n\n\n\n<p class=\"has-text-align-center\"><strong>Mercredi<\/strong> \u00e0 9h15<br><strong>Samedi<\/strong> \u00e0 09h15 (suivi du chapelet)<\/p>\n\n\n\n\n\n<h2 class=\"has-text-align-center wp-block-heading\"><strong>Messe Dominicale<\/strong><\/h2>\n\n\n\n\n\n<p class=\"has-text-align-center\"><strong>Samedi<\/strong> \u00e0 18h30<br><strong>Dimanche<\/strong> \u00e0 11h<\/p>\n\n\n\n\n\n<p class=\"has-text-align-center\"><\/p>\n\n\n\n\n\n<hr class=\"wp-block-separator is-style-wide\"\/>\n\n\n\n<div class=\"wp-block-columns is-layout-flex wp-container-core-columns-is-layout-9d6595d7 wp-block-columns-is-layout-flex\"><\/div>\n\n\n\n<h2 class=\"has-text-align-center wp-block-heading\"><strong>Accueil<\/strong> <strong>&amp;<\/strong> <strong>Ouverture de l\u2019\u00e9glise<\/strong><\/h2>\n\n\n\n\n\n<p class=\"has-text-align-center\"><strong>Mercredi<\/strong><br>10h \u00e0 12h<br>Accueil du pr\u00eatre, entretien, confession de 17h \u00e0 19h<\/p>\n\n\n\n\n\n<p class=\"has-text-align-center\"><strong>Jeudi &amp; Samedi<\/strong><br>10h \u00e0 12h<\/p>\n\n\n\n<p class=\"has-text-align-center\"><\/p>\n\n\n\n<div class=\"wp-block-columns is-layout-flex wp-container-core-columns-is-layout-9d6595d7 wp-block-columns-is-layout-flex\"><\/div>\n\n\n\n<p class=\"has-text-align-center\"><em>Sauf pendant les VACANCES SCOLAIRES<\/em><\/p>\n\n\n\n<p class=\"has-text-align-center\"><\/p>\n\n\n\n\n\n<hr class=\"wp-block-separator is-style-wide\"\/>\n\n\n\n<div class=\"wp-block-columns is-layout-flex wp-container-core-columns-is-layout-9d6595d7 wp-block-columns-is-layout-flex\">\n<div class=\"wp-block-column is-layout-flow wp-block-column-is-layout-flow\" style=\"flex-basis:100%\">\n<div class=\"wp-block-columns is-layout-flex wp-container-core-columns-is-layout-9d6595d7 wp-block-columns-is-layout-flex\"><\/div>\n<\/div>\n<\/div>\n\n\n\n<h2 class=\"has-text-align-center wp-block-heading\"><strong>Permanences&nbsp;d\u2019accueil<\/strong><\/h2>\n\n\n\n<h3 class=\"has-text-align-center wp-block-heading\"><span style=\"color:#a75517\" class=\"tadv-color\">Saint Germain<\/span><\/h3>\n\n\n\n<div class=\"wp-block-columns is-layout-flex wp-container-core-columns-is-layout-9d6595d7 wp-block-columns-is-layout-flex\"><\/div>\n\n\n\n<figure class=\"wp-block-table\"><table><tbody><tr><td>Jour<\/td><td>Nom de l\u2019accueillant<\/td><td>Horaire<\/td><\/tr><tr><td><strong>Mercredi<\/strong><\/td><td><em>Valentine et Pierre ou Ren\u00e9e-Lyse et Nadia<\/em><\/td><td>de <strong>10h \u00e0 12h<\/strong><\/td><\/tr><tr><td><strong>Mercredi<\/strong><\/td><td><em>P\u00e8re Joseph LOKENDANDJALA<\/em><\/td><td>de <strong>17h \u00e0 19h<\/strong><\/td><\/tr><tr><td><strong>Jeudi<\/strong><\/td><td><em><em><em>Laura et Marianne<\/em><\/em><\/em><\/td><td>de <strong>10h \u00e0 12h<\/strong><\/td><\/tr><tr><td><strong>Samedi<\/strong><\/td><td><em>Cynthia et Octave ou Cynthia et Clauda<\/em><\/td><td>de <strong>10h \u00e0 12h<\/strong><\/td><\/tr><\/tbody><\/table><figcaption>Derni\u00e8re mise \u00e0 jour le 28\/02\/2023<\/figcaption><\/figure>\n\n\n\n<p><\/p>\n","protected":false},"excerpt":{"rendered":"<p>L&rsquo;\u00e9glise vous accueille mercredi, jeudi, samedi de 10h \u00e0 12h ainsi que le mercredi soir de 17h \u00e0 19h &#8230; Cur\u00e9 : P\u00e8re Joseph LOKENDANDJALA Adresse postale&nbsp;: Place de l&rsquo;\u00c9glise, 94400 Vitry-sur-SeineT\u00e9l &#8211; accueil St Germain :&nbsp;01 76 74 76 95 Messe Mercredi \u00e0 9h15Samedi \u00e0 09h15 (suivi du chapelet) Messe Dominicale Samedi \u00e0 18h30Dimanche \u00e0 11h Accueil &amp; Ouverture de l\u2019\u00e9glise Mercredi10h \u00e0 12hAccueil du pr\u00eatre, entretien, confession de 17h \u00e0 19h Jeudi &amp; Samedi10h \u00e0 12h Sauf pendant les VACANCES SCOLAIRES Permanences&nbsp;d\u2019accueil Saint Germain Jour Nom de l\u2019accueillant Horaire Mercredi Valentine et Pierre ou Ren\u00e9e-Lyse et Nadia de&#8230; <\/p>\n","protected":false},"author":3,"featured_media":1313,"parent":0,"menu_order":0,"comment_status":"closed","ping_status":"closed","template":"","meta":{"footnotes":""},"class_list":["post-747","page","type-page","status-publish","has-post-thumbnail","hentry"],"_links":{"self":[{"href":"https:\/\/paroisse-stgermain.fr\/index.php?rest_route=\/wp\/v2\/pages\/747","targetHints":{"allow":["GET"]}}],"collection":[{"href":"https:\/\/paroisse-stgermain.fr\/index.php?rest_route=\/wp\/v2\/pages"}],"about":[{"href":"https:\/\/paroisse-stgermain.fr\/index.php?rest_route=\/wp\/v2\/types\/page"}],"author":[{"embeddable":true,"href":"https:\/\/paroisse-stgermain.fr\/index.php?rest_route=\/wp\/v2\/users\/3"}],"replies":[{"embeddable":true,"href":"https:\/\/paroisse-stgermain.fr\/index.php?rest_route=%2Fwp%2Fv2%2Fcomments&post=747"}],"version-history":[{"count":65,"href":"https:\/\/paroisse-stgermain.fr\/index.php?rest_route=\/wp\/v2\/pages\/747\/revisions"}],"predecessor-version":[{"id":2710,"href":"https:\/\/paroisse-stgermain.fr\/index.php?rest_route=\/wp\/v2\/pages\/747\/revisions\/2710"}],"wp:featuredmedia":[{"embeddable":true,"href":"https:\/\/paroisse-stgermain.fr\/index.php?rest_route=\/wp\/v2\/media\/1313"}],"wp:attachment":[{"href":"https:\/\/paroisse-stgermain.fr\/index.php?rest_route=%2Fwp%2Fv2%2Fmedia&parent=747"}],"curies":[{"name":"wp","href":"https:\/\/api.w.org\/{rel}","templated":true}]}}