{"id":750,"date":"2020-12-22T16:18:35","date_gmt":"2020-12-22T15:18:35","guid":{"rendered":"https:\/\/paroisse-stgermain.fr\/?page_id=750"},"modified":"2023-07-07T11:41:12","modified_gmt":"2023-07-07T09:41:12","slug":"notre-communaute","status":"publish","type":"page","link":"https:\/\/paroisse-stgermain.fr\/?page_id=750","title":{"rendered":"La M.I.P"},"content":{"rendered":"\n<p><em>La Maison Inter Paroissiale paroissiale<\/em> est un lieu de grand rassemblement, de rencontre, de f\u00eate et de partage.<\/p>\n\n\n\n<p>Elle propose un espace d&rsquo;accueil, des messes, \u2026<\/p>\n\n\n\n\n\n<p><strong>Adresse postale&nbsp;:<\/strong> 27 rue du 18 juin 1940<br><strong>T\u00e9l&nbsp;<\/strong>: 01.46.80.36.95<br><a rel=\"noreferrer noopener\" href=\"mailto:stgermain-mip.vitry@diocese-creteil.fr\" target=\"_blank\">stgermain-mip.vitry@diocese-creteil.fr<\/a><\/p>\n\n\n\n<p><\/p>\n\n\n\n<p><strong>Cur\u00e9 :<\/strong> P\u00e8re Joseph LOKENDANDJALA<\/p>\n\n\n\n<div class=\"wp-block-columns is-layout-flex wp-container-core-columns-is-layout-9d6595d7 wp-block-columns-is-layout-flex\"><\/div>\n\n\n\n<hr class=\"wp-block-separator is-style-wide\"\/>\n\n\n\n<div class=\"wp-block-columns is-layout-flex wp-container-core-columns-is-layout-9d6595d7 wp-block-columns-is-layout-flex\"><\/div>\n\n\n\n<h2 class=\"has-text-align-center wp-block-heading\"><strong>Messes<\/strong><\/h2>\n\n\n\n<div class=\"wp-block-columns is-layout-flex wp-container-core-columns-is-layout-9d6595d7 wp-block-columns-is-layout-flex\"><\/div>\n\n\n\n<p class=\"has-text-align-center\"><strong>Mardi et Vendredi<\/strong> <\/p>\n\n\n\n<p class=\"has-text-align-center\">\u00e0 8h45<\/p>\n\n\n\n\n\n<h4 class=\"has-text-align-center wp-block-heading\"><\/h4>\n\n\n\n\n\n<hr class=\"wp-block-separator is-style-wide\"\/>\n\n\n\n<div class=\"wp-block-columns is-layout-flex wp-container-core-columns-is-layout-9d6595d7 wp-block-columns-is-layout-flex\"><\/div>\n\n\n\n<h2 class=\"has-text-align-center wp-block-heading\"><strong>Permanences&nbsp;d\u2019accueil<\/strong><\/h2>\n\n\n\n<div class=\"wp-block-columns is-layout-flex wp-container-core-columns-is-layout-9d6595d7 wp-block-columns-is-layout-flex\"><\/div>\n\n\n\n<p><\/p>\n\n\n\n<p class=\"has-text-align-center\"><strong>Mercredi<\/strong><\/p>\n\n\n\n<p class=\"has-text-align-center\">de 10h30 \u00e0 12h<\/p>\n\n\n\n<div class=\"wp-block-columns is-layout-flex wp-container-core-columns-is-layout-9d6595d7 wp-block-columns-is-layout-flex\"><\/div>\n\n\n\n<p class=\"has-text-align-center\"><strong>Jeudi<\/strong><\/p>\n\n\n\n<p class=\"has-text-align-center\">de 16h \u00e0 18h<\/p>\n","protected":false},"excerpt":{"rendered":"<p>La Maison Inter Paroissiale paroissiale est un lieu de grand rassemblement, de rencontre, de f\u00eate et de partage. Elle propose un espace d&rsquo;accueil, des messes, \u2026 Adresse postale&nbsp;: 27 rue du 18 juin 1940T\u00e9l&nbsp;: 01.46.80.36.95stgermain-mip.vitry@diocese-creteil.fr Cur\u00e9 : P\u00e8re Joseph LOKENDANDJALA Messes Mardi et Vendredi \u00e0 8h45 Permanences&nbsp;d\u2019accueil Mercredi de 10h30 \u00e0 12h Jeudi de 16h \u00e0 18h<\/p>\n","protected":false},"author":3,"featured_media":0,"parent":0,"menu_order":0,"comment_status":"closed","ping_status":"closed","template":"","meta":{"footnotes":""},"class_list":["post-750","page","type-page","status-publish","hentry"],"_links":{"self":[{"href":"https:\/\/paroisse-stgermain.fr\/index.php?rest_route=\/wp\/v2\/pages\/750","targetHints":{"allow":["GET"]}}],"collection":[{"href":"https:\/\/paroisse-stgermain.fr\/index.php?rest_route=\/wp\/v2\/pages"}],"about":[{"href":"https:\/\/paroisse-stgermain.fr\/index.php?rest_route=\/wp\/v2\/types\/page"}],"author":[{"embeddable":true,"href":"https:\/\/paroisse-stgermain.fr\/index.php?rest_route=\/wp\/v2\/users\/3"}],"replies":[{"embeddable":true,"href":"https:\/\/paroisse-stgermain.fr\/index.php?rest_route=%2Fwp%2Fv2%2Fcomments&post=750"}],"version-history":[{"count":38,"href":"https:\/\/paroisse-stgermain.fr\/index.php?rest_route=\/wp\/v2\/pages\/750\/revisions"}],"predecessor-version":[{"id":2091,"href":"https:\/\/paroisse-stgermain.fr\/index.php?rest_route=\/wp\/v2\/pages\/750\/revisions\/2091"}],"wp:attachment":[{"href":"https:\/\/paroisse-stgermain.fr\/index.php?rest_route=%2Fwp%2Fv2%2Fmedia&parent=750"}],"curies":[{"name":"wp","href":"https:\/\/api.w.org\/{rel}","templated":true}]}}